{"id":1566,"date":"2023-11-14T19:47:23","date_gmt":"2023-11-14T17:47:23","guid":{"rendered":"http:\/\/studionotable.tv\/politica-de-privacidad\/"},"modified":"2023-11-14T20:00:16","modified_gmt":"2023-11-14T18:00:16","slug":"politica-de-privacidad","status":"publish","type":"page","link":"https:\/\/studionotable.tv\/es\/politica-de-privacidad\/","title":{"rendered":"Pol\u00edtica de privacidad"},"content":{"rendered":"\n<p>Notable Studio es compromet a protegir la vostra privacitat i desenvolupar la tecnologia que us proporcioni l\u2019experi\u00e8ncia m\u00e9s segura a la plana web. Aquesta declaraci\u00f3 de privacitat \u00e9s v\u00e0lida per la plana web studionotable.tv i regula la recollida i l\u2019\u00fas de dades. Acceptant les pol\u00edtiques de privacitat, consentiu a les pr\u00e0ctiques descrites en aquesta declaraci\u00f3.<\/p>\n\n<h3 class=\"wp-block-heading\">Qui \u00e9s el responsable de les dades?<\/h3>\n\n<p>L&#8217;informem que qualsevol dada personal que vost\u00e8 faciliti a trav\u00e9s d&#8217;aquest lloc web ser\u00e0 tractat per Notable Studio en qualitat de responsable del tractament. Notable Studio \u00e9s la titular d&#8217;aquest lloc web, societat domiciliada a (adre\u00e7a), (inscrita al Registre de Societats del Principat d&#8217;Andorra amb n\u00famero de registre tributari X \/ creada en virtut de la Llei X), d&#8217;ara endavant \u00abNotable Studio\u00bb<\/p>\n\n<h3 class=\"wp-block-heading\">Quines dades recollim?<\/h3>\n\n<p>En compliment del que requereix la Llei 29\/2021, de 28 d\u2019octubre, qualificada de Protecci\u00f3 de Dades Personals (en endavant, \u00abLQDP\u00bb), i amb els reglaments que la desenvolupen, s&#8217;informa als usuaris d&#8217;aquest lloc web que (especificar les dades que es recullen i si son expresses, autom\u00e0tiques o sensibles).<\/p>\n\n<h3 class=\"wp-block-heading\">Recollim cookies?<\/h3>\n\n<p>Si. Veure la pol\u00edtica de cookies en aquest enlla\u00e7: <a href=\"https:\/\/studionotable.tv\/es\/cookie-policy\/\" data-type=\"page\" data-id=\"1525\">studionotable.tv\/cookies<\/a><\/p>\n\n<h3 class=\"wp-block-heading\">Amb quina finalitat tractem les vostres dades?<\/h3>\n\n<p>Notable Studio podr\u00e0 tractar les seves dades personals per a les finalitats descrites a continuaci\u00f3 sempre que vost\u00e8 en consenteixi part o la seva totalitat:<\/p>\n\n<p>En contactar a trav\u00e9s dels formularis de contacte o enviar un correu electr\u00f2nic.<\/p>\n\n<h3 class=\"wp-block-heading\">Quant de temps es conservaran les meves dades?<\/h3>\n\n<p>Notable Studio conservar\u00e0 les seves dades personals el temps necessari per a les finalitats descrites m\u00e9s amunt. En cas que hi hagi una legislaci\u00f3 que obligui a Notable Studio a conservar les seves dades personals Notable Studio conservar\u00e0 les seves dades personals durant dit per\u00edode addicional per\u00f2 les mateixes seran bloquejades i nom\u00e9s es tractaran per garantir-ne la conservaci\u00f3. Finalitzats aquests terminis, les dades personals seran suprimides.<\/p>\n\n<h3 class=\"wp-block-heading\">A qui passarem les vostres dades?<\/h3>\n\n<p>Per norma general, les vostres dades no es passaran a tercers si no comptem amb el vostre consentiment expr\u00e9s per a fer-ho. Per aconseguir les finalitats anteriorment esmentades, i nom\u00e9s quan aix\u00ed sigui necessari, les seves dades personals es poden transmetre a:<\/p>\n\n<ol class=\"wp-block-list\" style=\"list-style-type:lower-alpha\">\n<li>Encarregats de tractament de Notable Studio que hagin de processar les seves dades personals en relaci\u00f3 amb la finalitat que es tracti, el que realitzaran segons les instruccions d&#8217;aquesta entitat i de conformitat amb la seva pol\u00edtica de privacitat i qualsevol mesura de seguretat i de confidencialitat apropiada que estableixi Notable Studio.<\/li>\n\n\n\n<li>Administracions p\u00fabliques competents, en els casos que preveu la Llei i per als fins en ella definits.<\/li>\n\n\n\n<li>Altres destinataris: especificar.<\/li>\n<\/ol>\n\n<h3 class=\"wp-block-heading\">Passarem les vostres dades a pa\u00efsos fora d\u2019Andorra?<\/h3>\n\n<p>No.<\/p>\n\n<h3 class=\"wp-block-heading\">De quins drets disposeu?<\/h3>\n\n<p>En compliment de la LQPD, i els seus reglaments de desenvolupament, Notable Studio li informa que disposeu dels drets d&#8217;acc\u00e9s, rectificaci\u00f3, limitaci\u00f3 del tractament, portabilitat, supressi\u00f3 i oposici\u00f3 de les seves dades personals, reconeguts en l&#8217;esmentada normativa. Per tal d\u2019exercir-los vost\u00e8 haur\u00e0 d&#8217;enviar una comunicaci\u00f3 escrita i signada a l&#8217;adre\u00e7a de correu electr\u00f2nic studio.notable@gmail.com , a la qual haur\u00e0 d&#8217;adjuntar una c\u00f2pia del seu passaport o un altre document nacional d&#8217;identitat. Davant de qualsevol vulneraci\u00f3 dels seus drets, especialment quan vost\u00e8 no hagi obtingut satisfacci\u00f3 en el seu exercici, pot presentar una reclamaci\u00f3 davant l\u2019Ag\u00e8ncia Andorrana de Protecci\u00f3 de Dades. Tamb\u00e9 pot obtenir m\u00e9s informaci\u00f3 sobre els drets que l&#8217;assisteixen dirigint-se a aquests organismes.<\/p>\n\n<h3 class=\"wp-block-heading\">Puc retirar el meu consentiment?<\/h3>\n\n<p>El consentiment donat per a alguna finalitat espec\u00edfica pot ser retirat en qualsevol moment, sense que aix\u00f2 afecti la licitud del tractament basat en el consentiment previ a la seva retirada. En aquests sup\u00f2sits Notable Studio deixar\u00e0 de tractar les dades personals o, si s&#8217;escau, deixar\u00e0 de fer-ho per a aquesta finalitat en concret, excepte per motius leg\u00edtims imperiosos, o l&#8217;exercici o la defensa de possibles reclamacions.<\/p>\n\n<h3 class=\"wp-block-heading\">Amb quines mesures de seguretat protegirem les vostres dades?<\/h3>\n\n<p>Notable Studio li garanteix que el tractament que portar\u00e0 a terme de les seves dades personals est\u00e0 sotm\u00e8s al m\u00e9s estricte deure de confidencialitat, i que s&#8217;han establert les mesures necess\u00e0ries, tant t\u00e8cniques com organitzatives, per a garantir la seguretat de les seves dades personals i evitar la seva alteraci\u00f3, mal \u00fas, p\u00e8rdua, robatori i tractament i \/ o acc\u00e9s no autoritzat.<\/p>\n\n<h3 class=\"wp-block-heading\">Possibles canvis en la pol\u00edtica de privacitat?<\/h3>\n\n<p>Aquesta pol\u00edtica de privacitat \u00e9s subjecta a eventuals canvis d&#8217;acord amb la legislaci\u00f3 aplicable en cada moment. En tot cas, qualsevol modificaci\u00f3 d&#8217;aquesta Pol\u00edtica de privacitat li ser\u00e0 degudament notificada perqu\u00e8 vost\u00e8 quedi informat dels canvis produ\u00efts i pugui atorgar el seu consentiment expr\u00e9s a aquests canvis.<br\/><br\/><br\/><br\/><br\/> <br\/><br\/><br\/><br\/><br\/><\/p>\n","protected":false},"excerpt":{"rendered":"<p>Notable Studio es compromet a protegir la vostra privacitat i desenvolupar la tecnologia que us proporcioni l\u2019experi\u00e8ncia m\u00e9s segura a la plana web. Aquesta declaraci\u00f3 de privacitat \u00e9s v\u00e0lida per la plana web studionotable.tv i regula la recollida i l\u2019\u00fas de dades. Acceptant les pol\u00edtiques de privacitat, consentiu a les pr\u00e0ctiques descrites en aquesta declaraci\u00f3. [&hellip;]<\/p>\n","protected":false},"author":1,"featured_media":0,"parent":0,"menu_order":0,"comment_status":"closed","ping_status":"closed","template":"","meta":{"footnotes":""},"class_list":["post-1566","page","type-page","status-publish","hentry"],"yoast_head":"<!-- This site is optimized with the Yoast SEO plugin v27.2 - https:\/\/yoast.com\/product\/yoast-seo-wordpress\/ -->\n<title>Pol\u00edtica de privacidad - Notable<\/title>\n<meta name=\"robots\" content=\"index, follow, max-snippet:-1, max-image-preview:large, max-video-preview:-1\" \/>\n<link rel=\"canonical\" href=\"https:\/\/studionotable.tv\/es\/politica-de-privacidad\/\" \/>\n<meta property=\"og:locale\" content=\"es_ES\" \/>\n<meta property=\"og:type\" content=\"article\" \/>\n<meta property=\"og:title\" content=\"Pol\u00edtica de privacidad - Notable\" \/>\n<meta property=\"og:description\" content=\"Notable Studio es compromet a protegir la vostra privacitat i desenvolupar la tecnologia que us proporcioni l\u2019experi\u00e8ncia m\u00e9s segura a la plana web. Aquesta declaraci\u00f3 de privacitat \u00e9s v\u00e0lida per la plana web studionotable.tv i regula la recollida i l\u2019\u00fas de dades. Acceptant les pol\u00edtiques de privacitat, consentiu a les pr\u00e0ctiques descrites en aquesta declaraci\u00f3. [&hellip;]\" \/>\n<meta property=\"og:url\" content=\"https:\/\/studionotable.tv\/es\/politica-de-privacidad\/\" \/>\n<meta property=\"og:site_name\" content=\"Notable\" \/>\n<meta property=\"article:modified_time\" content=\"2023-11-14T18:00:16+00:00\" \/>\n<meta name=\"twitter:card\" content=\"summary_large_image\" \/>\n<meta name=\"twitter:label1\" content=\"Tiempo de lectura\" \/>\n\t<meta name=\"twitter:data1\" content=\"4 minutos\" \/>\n<script type=\"application\/ld+json\" class=\"yoast-schema-graph\">{\"@context\":\"https:\/\/schema.org\",\"@graph\":[{\"@type\":\"WebPage\",\"@id\":\"https:\/\/studionotable.tv\/es\/politica-de-privacidad\/\",\"url\":\"https:\/\/studionotable.tv\/es\/politica-de-privacidad\/\",\"name\":\"Pol\u00edtica de privacidad - Notable\",\"isPartOf\":{\"@id\":\"https:\/\/studionotable.tv\/es\/#website\"},\"datePublished\":\"2023-11-14T17:47:23+00:00\",\"dateModified\":\"2023-11-14T18:00:16+00:00\",\"breadcrumb\":{\"@id\":\"https:\/\/studionotable.tv\/es\/politica-de-privacidad\/#breadcrumb\"},\"inLanguage\":\"es\",\"potentialAction\":[{\"@type\":\"ReadAction\",\"target\":[\"https:\/\/studionotable.tv\/es\/politica-de-privacidad\/\"]}]},{\"@type\":\"BreadcrumbList\",\"@id\":\"https:\/\/studionotable.tv\/es\/politica-de-privacidad\/#breadcrumb\",\"itemListElement\":[{\"@type\":\"ListItem\",\"position\":1,\"name\":\"Home\",\"item\":\"https:\/\/studionotable.tv\/es\/inicio\/\"},{\"@type\":\"ListItem\",\"position\":2,\"name\":\"Pol\u00edtica de privacidad\"}]},{\"@type\":\"WebSite\",\"@id\":\"https:\/\/studionotable.tv\/es\/#website\",\"url\":\"https:\/\/studionotable.tv\/es\/\",\"name\":\"https:\/\/studionotable.tv\/\",\"description\":\"\",\"publisher\":{\"@id\":\"https:\/\/studionotable.tv\/es\/#organization\"},\"potentialAction\":[{\"@type\":\"SearchAction\",\"target\":{\"@type\":\"EntryPoint\",\"urlTemplate\":\"https:\/\/studionotable.tv\/es\/?s={search_term_string}\"},\"query-input\":{\"@type\":\"PropertyValueSpecification\",\"valueRequired\":true,\"valueName\":\"search_term_string\"}}],\"inLanguage\":\"es\"},{\"@type\":\"Organization\",\"@id\":\"https:\/\/studionotable.tv\/es\/#organization\",\"name\":\"Notable Studio\",\"url\":\"https:\/\/studionotable.tv\/es\/\",\"logo\":{\"@type\":\"ImageObject\",\"inLanguage\":\"es\",\"@id\":\"https:\/\/studionotable.tv\/es\/#\/schema\/logo\/image\/\",\"url\":\"https:\/\/studionotable.tv\/wp-content\/uploads\/2022\/01\/logo-notable-h.svg\",\"contentUrl\":\"https:\/\/studionotable.tv\/wp-content\/uploads\/2022\/01\/logo-notable-h.svg\",\"width\":401.46,\"height\":144.41,\"caption\":\"Notable Studio\"},\"image\":{\"@id\":\"https:\/\/studionotable.tv\/es\/#\/schema\/logo\/image\/\"},\"sameAs\":[\"https:\/\/www.instagram.com\/notablestudio.tv\/\",\"https:\/\/www.behance.net\/studionotable\",\"https:\/\/vimeo.com\/studionotable\"]}]}<\/script>\n<!-- \/ Yoast SEO plugin. -->","yoast_head_json":{"title":"Pol\u00edtica de privacidad - Notable","robots":{"index":"index","follow":"follow","max-snippet":"max-snippet:-1","max-image-preview":"max-image-preview:large","max-video-preview":"max-video-preview:-1"},"canonical":"https:\/\/studionotable.tv\/es\/politica-de-privacidad\/","og_locale":"es_ES","og_type":"article","og_title":"Pol\u00edtica de privacidad - Notable","og_description":"Notable Studio es compromet a protegir la vostra privacitat i desenvolupar la tecnologia que us proporcioni l\u2019experi\u00e8ncia m\u00e9s segura a la plana web. Aquesta declaraci\u00f3 de privacitat \u00e9s v\u00e0lida per la plana web studionotable.tv i regula la recollida i l\u2019\u00fas de dades. Acceptant les pol\u00edtiques de privacitat, consentiu a les pr\u00e0ctiques descrites en aquesta declaraci\u00f3. [&hellip;]","og_url":"https:\/\/studionotable.tv\/es\/politica-de-privacidad\/","og_site_name":"Notable","article_modified_time":"2023-11-14T18:00:16+00:00","twitter_card":"summary_large_image","twitter_misc":{"Tiempo de lectura":"4 minutos"},"schema":{"@context":"https:\/\/schema.org","@graph":[{"@type":"WebPage","@id":"https:\/\/studionotable.tv\/es\/politica-de-privacidad\/","url":"https:\/\/studionotable.tv\/es\/politica-de-privacidad\/","name":"Pol\u00edtica de privacidad - Notable","isPartOf":{"@id":"https:\/\/studionotable.tv\/es\/#website"},"datePublished":"2023-11-14T17:47:23+00:00","dateModified":"2023-11-14T18:00:16+00:00","breadcrumb":{"@id":"https:\/\/studionotable.tv\/es\/politica-de-privacidad\/#breadcrumb"},"inLanguage":"es","potentialAction":[{"@type":"ReadAction","target":["https:\/\/studionotable.tv\/es\/politica-de-privacidad\/"]}]},{"@type":"BreadcrumbList","@id":"https:\/\/studionotable.tv\/es\/politica-de-privacidad\/#breadcrumb","itemListElement":[{"@type":"ListItem","position":1,"name":"Home","item":"https:\/\/studionotable.tv\/es\/inicio\/"},{"@type":"ListItem","position":2,"name":"Pol\u00edtica de privacidad"}]},{"@type":"WebSite","@id":"https:\/\/studionotable.tv\/es\/#website","url":"https:\/\/studionotable.tv\/es\/","name":"https:\/\/studionotable.tv\/","description":"","publisher":{"@id":"https:\/\/studionotable.tv\/es\/#organization"},"potentialAction":[{"@type":"SearchAction","target":{"@type":"EntryPoint","urlTemplate":"https:\/\/studionotable.tv\/es\/?s={search_term_string}"},"query-input":{"@type":"PropertyValueSpecification","valueRequired":true,"valueName":"search_term_string"}}],"inLanguage":"es"},{"@type":"Organization","@id":"https:\/\/studionotable.tv\/es\/#organization","name":"Notable Studio","url":"https:\/\/studionotable.tv\/es\/","logo":{"@type":"ImageObject","inLanguage":"es","@id":"https:\/\/studionotable.tv\/es\/#\/schema\/logo\/image\/","url":"https:\/\/studionotable.tv\/wp-content\/uploads\/2022\/01\/logo-notable-h.svg","contentUrl":"https:\/\/studionotable.tv\/wp-content\/uploads\/2022\/01\/logo-notable-h.svg","width":401.46,"height":144.41,"caption":"Notable Studio"},"image":{"@id":"https:\/\/studionotable.tv\/es\/#\/schema\/logo\/image\/"},"sameAs":["https:\/\/www.instagram.com\/notablestudio.tv\/","https:\/\/www.behance.net\/studionotable","https:\/\/vimeo.com\/studionotable"]}]}},"_links":{"self":[{"href":"https:\/\/studionotable.tv\/es\/wp-json\/wp\/v2\/pages\/1566","targetHints":{"allow":["GET"]}}],"collection":[{"href":"https:\/\/studionotable.tv\/es\/wp-json\/wp\/v2\/pages"}],"about":[{"href":"https:\/\/studionotable.tv\/es\/wp-json\/wp\/v2\/types\/page"}],"author":[{"embeddable":true,"href":"https:\/\/studionotable.tv\/es\/wp-json\/wp\/v2\/users\/1"}],"replies":[{"embeddable":true,"href":"https:\/\/studionotable.tv\/es\/wp-json\/wp\/v2\/comments?post=1566"}],"version-history":[{"count":1,"href":"https:\/\/studionotable.tv\/es\/wp-json\/wp\/v2\/pages\/1566\/revisions"}],"predecessor-version":[{"id":1567,"href":"https:\/\/studionotable.tv\/es\/wp-json\/wp\/v2\/pages\/1566\/revisions\/1567"}],"wp:attachment":[{"href":"https:\/\/studionotable.tv\/es\/wp-json\/wp\/v2\/media?parent=1566"}],"curies":[{"name":"wp","href":"https:\/\/api.w.org\/{rel}","templated":true}]}}