{"id":6238,"date":"2025-05-05T08:29:16","date_gmt":"2025-05-05T07:29:16","guid":{"rendered":"https:\/\/studionotable.tv\/_portfolio\/el-talento-no-tiene-genero\/"},"modified":"2025-11-17T17:12:26","modified_gmt":"2025-11-17T16:12:26","slug":"el-talento-no-tiene-genero","status":"publish","type":"_portfolio","link":"https:\/\/studionotable.tv\/es\/_portfolio\/el-talento-no-tiene-genero\/","title":{"rendered":"El talento no tiene g\u00e9nero"},"featured_media":0,"template":"elementor_header_footer","_sector":[83,82],"_services":[41,42,40,84],"class_list":["post-6238","_portfolio","type-_portfolio","status-publish","hentry","_sector-gobierno","_sector-instituciones","_services-animacion-2d","_services-direccion-artistica","_services-ilustracion","_services-motion-design-es"],"yoast_head":"<!-- This site is optimized with the Yoast SEO plugin v27.2 - https:\/\/yoast.com\/product\/yoast-seo-wordpress\/ -->\n<title>El talento no tiene g\u00e9nero - Notable<\/title>\n<meta name=\"description\" content=\"Un video animado con enfoque de g\u00e9nero neutro, dise\u00f1ado para el Ministerio de Relaciones Institucionales de Andorra. Utilizamos formas abstractas y elementos visuales inclusivos para transmitir un mensaje poderoso sobre la igualdad.\" \/>\n<meta name=\"robots\" content=\"index, follow, max-snippet:-1, max-image-preview:large, max-video-preview:-1\" \/>\n<link rel=\"canonical\" href=\"https:\/\/studionotable.tv\/es\/_portfolio\/el-talento-no-tiene-genero\/\" \/>\n<meta property=\"og:locale\" content=\"es_ES\" \/>\n<meta property=\"og:type\" content=\"article\" \/>\n<meta property=\"og:title\" content=\"El talento no tiene g\u00e9nero - Notable\" \/>\n<meta property=\"og:description\" content=\"Un video animado con enfoque de g\u00e9nero neutro, dise\u00f1ado para el Ministerio de Relaciones Institucionales de Andorra. Utilizamos formas abstractas y elementos visuales inclusivos para transmitir un mensaje poderoso sobre la igualdad.\" \/>\n<meta property=\"og:url\" content=\"https:\/\/studionotable.tv\/es\/_portfolio\/el-talento-no-tiene-genero\/\" \/>\n<meta property=\"og:site_name\" content=\"Notable\" \/>\n<meta property=\"article:modified_time\" content=\"2025-11-17T16:12:26+00:00\" \/>\n<meta name=\"twitter:card\" content=\"summary_large_image\" \/>\n<meta name=\"twitter:label1\" content=\"Tiempo de lectura\" \/>\n\t<meta name=\"twitter:data1\" content=\"1 minuto\" \/>\n<script type=\"application\/ld+json\" class=\"yoast-schema-graph\">{\"@context\":\"https:\/\/schema.org\",\"@graph\":[{\"@type\":\"WebPage\",\"@id\":\"https:\/\/studionotable.tv\/es\/_portfolio\/el-talento-no-tiene-genero\/\",\"url\":\"https:\/\/studionotable.tv\/es\/_portfolio\/el-talento-no-tiene-genero\/\",\"name\":\"El talento no tiene g\u00e9nero - Notable\",\"isPartOf\":{\"@id\":\"https:\/\/studionotable.tv\/es\/#website\"},\"datePublished\":\"2025-05-05T07:29:16+00:00\",\"dateModified\":\"2025-11-17T16:12:26+00:00\",\"description\":\"Un video animado con enfoque de g\u00e9nero neutro, dise\u00f1ado para el Ministerio de Relaciones Institucionales de Andorra. Utilizamos formas abstractas y elementos visuales inclusivos para transmitir un mensaje poderoso sobre la igualdad.\",\"breadcrumb\":{\"@id\":\"https:\/\/studionotable.tv\/es\/_portfolio\/el-talento-no-tiene-genero\/#breadcrumb\"},\"inLanguage\":\"es\",\"potentialAction\":[{\"@type\":\"ReadAction\",\"target\":[\"https:\/\/studionotable.tv\/es\/_portfolio\/el-talento-no-tiene-genero\/\"]}]},{\"@type\":\"BreadcrumbList\",\"@id\":\"https:\/\/studionotable.tv\/es\/_portfolio\/el-talento-no-tiene-genero\/#breadcrumb\",\"itemListElement\":[{\"@type\":\"ListItem\",\"position\":1,\"name\":\"Home\",\"item\":\"https:\/\/studionotable.tv\/es\/inicio\/\"},{\"@type\":\"ListItem\",\"position\":2,\"name\":\"Portfolio\",\"item\":\"https:\/\/studionotable.tv\/es\/_portfolio\/\"},{\"@type\":\"ListItem\",\"position\":3,\"name\":\"El talento no tiene g\u00e9nero\"}]},{\"@type\":\"WebSite\",\"@id\":\"https:\/\/studionotable.tv\/es\/#website\",\"url\":\"https:\/\/studionotable.tv\/es\/\",\"name\":\"https:\/\/studionotable.tv\/\",\"description\":\"\",\"publisher\":{\"@id\":\"https:\/\/studionotable.tv\/es\/#organization\"},\"potentialAction\":[{\"@type\":\"SearchAction\",\"target\":{\"@type\":\"EntryPoint\",\"urlTemplate\":\"https:\/\/studionotable.tv\/es\/?s={search_term_string}\"},\"query-input\":{\"@type\":\"PropertyValueSpecification\",\"valueRequired\":true,\"valueName\":\"search_term_string\"}}],\"inLanguage\":\"es\"},{\"@type\":\"Organization\",\"@id\":\"https:\/\/studionotable.tv\/es\/#organization\",\"name\":\"Notable Studio\",\"url\":\"https:\/\/studionotable.tv\/es\/\",\"logo\":{\"@type\":\"ImageObject\",\"inLanguage\":\"es\",\"@id\":\"https:\/\/studionotable.tv\/es\/#\/schema\/logo\/image\/\",\"url\":\"https:\/\/studionotable.tv\/wp-content\/uploads\/2022\/01\/logo-notable-h.svg\",\"contentUrl\":\"https:\/\/studionotable.tv\/wp-content\/uploads\/2022\/01\/logo-notable-h.svg\",\"width\":401.46,\"height\":144.41,\"caption\":\"Notable Studio\"},\"image\":{\"@id\":\"https:\/\/studionotable.tv\/es\/#\/schema\/logo\/image\/\"},\"sameAs\":[\"https:\/\/www.instagram.com\/notablestudio.tv\/\",\"https:\/\/www.behance.net\/studionotable\",\"https:\/\/vimeo.com\/studionotable\"]}]}<\/script>\n<!-- \/ Yoast SEO plugin. -->","yoast_head_json":{"title":"El talento no tiene g\u00e9nero - Notable","description":"Un video animado con enfoque de g\u00e9nero neutro, dise\u00f1ado para el Ministerio de Relaciones Institucionales de Andorra. Utilizamos formas abstractas y elementos visuales inclusivos para transmitir un mensaje poderoso sobre la igualdad.","robots":{"index":"index","follow":"follow","max-snippet":"max-snippet:-1","max-image-preview":"max-image-preview:large","max-video-preview":"max-video-preview:-1"},"canonical":"https:\/\/studionotable.tv\/es\/_portfolio\/el-talento-no-tiene-genero\/","og_locale":"es_ES","og_type":"article","og_title":"El talento no tiene g\u00e9nero - Notable","og_description":"Un video animado con enfoque de g\u00e9nero neutro, dise\u00f1ado para el Ministerio de Relaciones Institucionales de Andorra. Utilizamos formas abstractas y elementos visuales inclusivos para transmitir un mensaje poderoso sobre la igualdad.","og_url":"https:\/\/studionotable.tv\/es\/_portfolio\/el-talento-no-tiene-genero\/","og_site_name":"Notable","article_modified_time":"2025-11-17T16:12:26+00:00","twitter_card":"summary_large_image","twitter_misc":{"Tiempo de lectura":"1 minuto"},"schema":{"@context":"https:\/\/schema.org","@graph":[{"@type":"WebPage","@id":"https:\/\/studionotable.tv\/es\/_portfolio\/el-talento-no-tiene-genero\/","url":"https:\/\/studionotable.tv\/es\/_portfolio\/el-talento-no-tiene-genero\/","name":"El talento no tiene g\u00e9nero - Notable","isPartOf":{"@id":"https:\/\/studionotable.tv\/es\/#website"},"datePublished":"2025-05-05T07:29:16+00:00","dateModified":"2025-11-17T16:12:26+00:00","description":"Un video animado con enfoque de g\u00e9nero neutro, dise\u00f1ado para el Ministerio de Relaciones Institucionales de Andorra. Utilizamos formas abstractas y elementos visuales inclusivos para transmitir un mensaje poderoso sobre la igualdad.","breadcrumb":{"@id":"https:\/\/studionotable.tv\/es\/_portfolio\/el-talento-no-tiene-genero\/#breadcrumb"},"inLanguage":"es","potentialAction":[{"@type":"ReadAction","target":["https:\/\/studionotable.tv\/es\/_portfolio\/el-talento-no-tiene-genero\/"]}]},{"@type":"BreadcrumbList","@id":"https:\/\/studionotable.tv\/es\/_portfolio\/el-talento-no-tiene-genero\/#breadcrumb","itemListElement":[{"@type":"ListItem","position":1,"name":"Home","item":"https:\/\/studionotable.tv\/es\/inicio\/"},{"@type":"ListItem","position":2,"name":"Portfolio","item":"https:\/\/studionotable.tv\/es\/_portfolio\/"},{"@type":"ListItem","position":3,"name":"El talento no tiene g\u00e9nero"}]},{"@type":"WebSite","@id":"https:\/\/studionotable.tv\/es\/#website","url":"https:\/\/studionotable.tv\/es\/","name":"https:\/\/studionotable.tv\/","description":"","publisher":{"@id":"https:\/\/studionotable.tv\/es\/#organization"},"potentialAction":[{"@type":"SearchAction","target":{"@type":"EntryPoint","urlTemplate":"https:\/\/studionotable.tv\/es\/?s={search_term_string}"},"query-input":{"@type":"PropertyValueSpecification","valueRequired":true,"valueName":"search_term_string"}}],"inLanguage":"es"},{"@type":"Organization","@id":"https:\/\/studionotable.tv\/es\/#organization","name":"Notable Studio","url":"https:\/\/studionotable.tv\/es\/","logo":{"@type":"ImageObject","inLanguage":"es","@id":"https:\/\/studionotable.tv\/es\/#\/schema\/logo\/image\/","url":"https:\/\/studionotable.tv\/wp-content\/uploads\/2022\/01\/logo-notable-h.svg","contentUrl":"https:\/\/studionotable.tv\/wp-content\/uploads\/2022\/01\/logo-notable-h.svg","width":401.46,"height":144.41,"caption":"Notable Studio"},"image":{"@id":"https:\/\/studionotable.tv\/es\/#\/schema\/logo\/image\/"},"sameAs":["https:\/\/www.instagram.com\/notablestudio.tv\/","https:\/\/www.behance.net\/studionotable","https:\/\/vimeo.com\/studionotable"]}]}},"_links":{"self":[{"href":"https:\/\/studionotable.tv\/es\/wp-json\/wp\/v2\/_portfolio\/6238","targetHints":{"allow":["GET"]}}],"collection":[{"href":"https:\/\/studionotable.tv\/es\/wp-json\/wp\/v2\/_portfolio"}],"about":[{"href":"https:\/\/studionotable.tv\/es\/wp-json\/wp\/v2\/types\/_portfolio"}],"version-history":[{"count":6,"href":"https:\/\/studionotable.tv\/es\/wp-json\/wp\/v2\/_portfolio\/6238\/revisions"}],"predecessor-version":[{"id":6522,"href":"https:\/\/studionotable.tv\/es\/wp-json\/wp\/v2\/_portfolio\/6238\/revisions\/6522"}],"wp:attachment":[{"href":"https:\/\/studionotable.tv\/es\/wp-json\/wp\/v2\/media?parent=6238"}],"wp:term":[{"taxonomy":"_sector","embeddable":true,"href":"https:\/\/studionotable.tv\/es\/wp-json\/wp\/v2\/_sector?post=6238"},{"taxonomy":"_services","embeddable":true,"href":"https:\/\/studionotable.tv\/es\/wp-json\/wp\/v2\/_services?post=6238"}],"curies":[{"name":"wp","href":"https:\/\/api.w.org\/{rel}","templated":true}]}}